{"id":97,"date":"2025-06-11T19:07:10","date_gmt":"2025-06-11T22:07:10","guid":{"rendered":"https:\/\/cnlbsul2.org.br\/site\/?page_id=97"},"modified":"2025-08-10T01:47:18","modified_gmt":"2025-08-10T04:47:18","slug":"pmos","status":"publish","type":"page","link":"https:\/\/cnlbsul2.org.br\/site\/pmos\/","title":{"rendered":"Constitui\u00e7\u00e3o"},"content":{"rendered":"\n<p class=\"has-medium-font-size\">As <strong>PASTORAIS<\/strong> s\u00e3o a\u00e7\u00f5es organizadas da Igreja voltadas para atender uma realidade espec\u00edfica da vida humana e crist\u00e3. Elas s\u00e3o coordenadas por dioceses e par\u00f3quias, e seus membros s\u00e3o chamados de agentes de pastoral.<\/p>\n\n\n\n<ul class=\"wp-block-list\">\n<li>S\u00e3o estruturadas institucionalmente.<\/li>\n\n\n\n<li>Visam evangelizar e servir em \u00e1reas como sa\u00fade, juventude, educa\u00e7\u00e3o, liturgia, comunica\u00e7\u00e3o etc.<\/li>\n\n\n\n<li>Atuam como bra\u00e7os do pastor (bispo ou p\u00e1roco), ajudando a Igreja a cumprir sua miss\u00e3o prof\u00e9tica, sacerdotal e real.<\/li>\n<\/ul>\n\n\n\n<p>Os <strong>MOVIMENTOS<\/strong> s\u00e3o grupos de espiritualidade e apostolado, geralmente fundados por leigos ou religiosos, com carismas pr\u00f3prios e atua\u00e7\u00e3o mais livre, embora em comunh\u00e3o com a Igreja.<\/p>\n\n\n\n<ul class=\"wp-block-list\">\n<li>T\u00eam origem carism\u00e1tica ou espiritual, muitas vezes ligados a um fundador.<\/li>\n\n\n\n<li>Possuem estrutura pr\u00f3pria, podendo atuar em n\u00edvel paroquial, diocesano ou internacional.<\/li>\n\n\n\n<li>Est\u00e3o mais ligados \u00e0 vida pessoal e espiritual dos membros.<\/li>\n<\/ul>\n\n\n\n<p>Os <strong>ORGANISMOS<\/strong> s\u00e3o institui\u00e7\u00f5es e conselhos nacionais que representam categorias espec\u00edficas do povo de Deus e articulam a\u00e7\u00f5es pastorais em n\u00edvel nacional.<\/p>\n\n\n\n<ul class=\"wp-block-list\">\n<li>Est\u00e3o ligados \u00e0 CNBB (Confer\u00eancia Nacional dos Bispos do Brasil).<\/li>\n\n\n\n<li>Representam religiosos, leigos, mission\u00e1rios, ind\u00edgenas, seminaristas, etc.<\/li>\n\n\n\n<li>T\u00eam papel de forma\u00e7\u00e3o, articula\u00e7\u00e3o e representa\u00e7\u00e3o.<\/li>\n<\/ul>\n\n\n\n<p>Os <strong>SERVI\u00c7OS<\/strong> s\u00e3o fun\u00e7\u00f5es espec\u00edficas exercidas por leigos ou ministros ordenados, voltadas para o bom funcionamento da vida lit\u00fargica, catequ\u00e9tica e comunit\u00e1ria.<\/p>\n\n\n\n<ul class=\"wp-block-list\">\n<li>S\u00e3o a\u00e7\u00f5es concretas e funcionais dentro da comunidade.<\/li>\n\n\n\n<li>Podem ser tempor\u00e1rios ou permanentes.<\/li>\n\n\n\n<li>Exigem forma\u00e7\u00e3o e discernimento, muitas vezes com mandato pastoral.<\/li>\n<\/ul>\n\n\n\n<p>Os <strong>CARISMAS<\/strong> s\u00e3o dons espirituais concedidos pelo Esp\u00edrito Santo para a edifica\u00e7\u00e3o da Igreja e o servi\u00e7o ao pr\u00f3ximo.<\/p>\n\n\n\n<ul class=\"wp-block-list\">\n<li>S\u00e3o express\u00f5es da a\u00e7\u00e3o do Esp\u00edrito Santo na vida dos fi\u00e9is.<\/li>\n<\/ul>\n\n\n\n<ul class=\"wp-block-list\">\n<li>S\u00e3o gra\u00e7as especiais que podem ser extraordin\u00e1rias (cura, profecia) ou simples (servi\u00e7o, ensino).<\/li>\n<\/ul>\n\n\n\n<ul class=\"wp-block-list\">\n<li>Devem ser discernidos e vividos em comunh\u00e3o com a Igreja.<\/li>\n<\/ul>\n\n\n\n<p><\/p>\n","protected":false},"excerpt":{"rendered":"<p>As PASTORAIS s\u00e3o a\u00e7\u00f5es organizadas da Igreja voltadas para atender uma realidade espec\u00edfica da vida humana e crist\u00e3. Elas s\u00e3o coordenadas por dioceses e par\u00f3quias, e seus membros s\u00e3o chamados [&hellip;]<\/p>\n","protected":false},"author":1,"featured_media":0,"parent":0,"menu_order":0,"comment_status":"closed","ping_status":"closed","template":"","meta":{"pagelayer_contact_templates":[],"_pagelayer_content":"","_EventAllDay":false,"_EventTimezone":"","_EventStartDate":"","_EventEndDate":"","_EventStartDateUTC":"","_EventEndDateUTC":"","_EventShowMap":false,"_EventShowMapLink":false,"_EventURL":"","_EventCost":"","_EventCostDescription":"","_EventCurrencySymbol":"","_EventCurrencyCode":"","_EventCurrencyPosition":"","_EventDateTimeSeparator":"","_EventTimeRangeSeparator":"","_EventOrganizerID":[],"_EventVenueID":[],"_OrganizerEmail":"","_OrganizerPhone":"","_OrganizerWebsite":"","_VenueAddress":"","_VenueCity":"","_VenueCountry":"","_VenueProvince":"","_VenueState":"","_VenueZip":"","_VenuePhone":"","_VenueURL":"","_VenueStateProvince":"","_VenueLat":"","_VenueLng":"","_VenueShowMap":false,"_VenueShowMapLink":false,"footnotes":""},"class_list":["post-97","page","type-page","status-publish","hentry"],"_links":{"self":[{"href":"https:\/\/cnlbsul2.org.br\/site\/wp-json\/wp\/v2\/pages\/97","targetHints":{"allow":["GET"]}}],"collection":[{"href":"https:\/\/cnlbsul2.org.br\/site\/wp-json\/wp\/v2\/pages"}],"about":[{"href":"https:\/\/cnlbsul2.org.br\/site\/wp-json\/wp\/v2\/types\/page"}],"author":[{"embeddable":true,"href":"https:\/\/cnlbsul2.org.br\/site\/wp-json\/wp\/v2\/users\/1"}],"replies":[{"embeddable":true,"href":"https:\/\/cnlbsul2.org.br\/site\/wp-json\/wp\/v2\/comments?post=97"}],"version-history":[{"count":5,"href":"https:\/\/cnlbsul2.org.br\/site\/wp-json\/wp\/v2\/pages\/97\/revisions"}],"predecessor-version":[{"id":301,"href":"https:\/\/cnlbsul2.org.br\/site\/wp-json\/wp\/v2\/pages\/97\/revisions\/301"}],"wp:attachment":[{"href":"https:\/\/cnlbsul2.org.br\/site\/wp-json\/wp\/v2\/media?parent=97"}],"curies":[{"name":"wp","href":"https:\/\/api.w.org\/{rel}","templated":true}]}}