{"id":82,"date":"2025-06-11T18:50:17","date_gmt":"2025-06-11T21:50:17","guid":{"rendered":"https:\/\/cnlbsul2.org.br\/site\/?page_id=82"},"modified":"2025-09-10T07:52:29","modified_gmt":"2025-09-10T10:52:29","slug":"diretoria","status":"publish","type":"page","link":"https:\/\/cnlbsul2.org.br\/site\/diretoria\/","title":{"rendered":"Presid\u00eancia"},"content":{"rendered":"\n<p>A <strong>PRESID\u00caNCIA <\/strong>\u00e9 composta por <strong>9 nove membros<\/strong>, sendo eles o <strong>Presidente<\/strong>, os 4 quatro <strong>Vice-Presidentes<\/strong> (1 por Prov\u00edncia), o <strong>Secret\u00e1rio Geral<\/strong>, o <strong>Secret\u00e1rio-Adjunto<\/strong>, o <strong>Tesoureiro <\/strong>Geral e por fim o <strong>Tesoureiro-Adjunto<\/strong>.<\/p>\n\n\n\n<p><strong><em>Diretoria do CNLB do Regional Sul 2<\/em><\/strong><\/p>\n\n\n\n<table id=\"tablepress-1\" class=\"tablepress tablepress-id-1\">\n<thead>\n<tr class=\"row-1\">\n\t<th class=\"column-1\">Cargo<\/th><th class=\"column-2\">Nome<\/th><th class=\"column-3\">E-mail Corporativo<\/th><th class=\"column-4\">Cidade<\/th><th class=\"column-5\">(Arq)Diocese<\/th><th class=\"column-6\">Prov\u00edncia<\/th><th class=\"column-7\">Par\u00f3quia<\/th><th class=\"column-8\">PMOSC<\/th>\n<\/tr>\n<\/thead>\n<tbody class=\"row-striping row-hover\">\n<tr class=\"row-2\">\n\t<td class=\"column-1\">Presidente<\/td><td class=\"column-2\">Paulo Ant\u00f4nio Conte<\/td><td class=\"column-3\">presidencia@cnblsul2.org.br<\/td><td class=\"column-4\">Mandaguari<\/td><td class=\"column-5\">Maring\u00e1<\/td><td class=\"column-6\">Maring\u00e1<\/td><td class=\"column-7\">Bom Pastor<\/td><td class=\"column-8\">Grupos de Reflex\u00e3o<\/td>\n<\/tr>\n<tr class=\"row-3\">\n\t<td class=\"column-1\">1\u00ba Vice-Presidente<\/td><td class=\"column-2\">Luzia Aparecida Favetta<\/td><td class=\"column-3\">1vice.presidencia@cnlbsul2.org.br<\/td><td class=\"column-4\">S\u00e3o Jos\u00e9 dos Pinhais<\/td><td class=\"column-5\">Curitiba<\/td><td class=\"column-6\">Curitiba<\/td><td class=\"column-7\">Nossa Senhora Rainha da Paz<\/td><td class=\"column-8\">Catequese<\/td>\n<\/tr>\n<tr class=\"row-4\">\n\t<td class=\"column-1\">2\u00ba Vice-Presidente<\/td><td class=\"column-2\">Tereza Maria Pauliqui Peluso<\/td><td class=\"column-3\">2vice.presidencia@cnlbsul2.org.br<\/td><td class=\"column-4\">Maring\u00e1<\/td><td class=\"column-5\">Maring\u00e1<\/td><td class=\"column-6\">Maring\u00e1<\/td><td class=\"column-7\">Nossa Senhora Aparecida<\/td><td class=\"column-8\">CEBs<\/td>\n<\/tr>\n<tr class=\"row-5\">\n\t<td class=\"column-1\">3\u00ba Vice-Presidente<\/td><td class=\"column-2\">Alex Sander da Silva<\/td><td class=\"column-3\">3vice.presidencia@cnlbsul2.org.br<\/td><td class=\"column-4\">Toledo<\/td><td class=\"column-5\">Toledo<\/td><td class=\"column-6\">Cascavel<\/td><td class=\"column-7\">S\u00e3o Crist\u00f3v\u00e3o<\/td><td class=\"column-8\">C\u00e1ritas<\/td>\n<\/tr>\n<tr class=\"row-6\">\n\t<td class=\"column-1\">4\u00ba Vice-Presidente<\/td><td class=\"column-2\">Eraldo Jos\u00e9 Correa<\/td><td class=\"column-3\">4vice.presidencia@cnlbsul2.org.br<\/td><td class=\"column-4\">Siqueira Campos<\/td><td class=\"column-5\">Londrina<\/td><td class=\"column-6\">Londrina<\/td><td class=\"column-7\">Divino Esp\u00edrito Santo<\/td><td class=\"column-8\">Sacrist\u00e3o<\/td>\n<\/tr>\n<tr class=\"row-7\">\n\t<td class=\"column-1\">Secret\u00e1rio<\/td><td class=\"column-2\">Yassuo Curiaki<\/td><td class=\"column-3\">secretaria@cnlbsul2.org.br<\/td><td class=\"column-4\">Corn\u00e9lio Proc\u00f3pio<\/td><td class=\"column-5\">Corn\u00e9lio Proc\u00f3pio<\/td><td class=\"column-6\">Londrina<\/td><td class=\"column-7\">Cristo Rei<\/td><td class=\"column-8\">Pastoral Nipo-brasileira<\/td>\n<\/tr>\n<tr class=\"row-8\">\n\t<td class=\"column-1\">Secret\u00e1ria Adjunto<\/td><td class=\"column-2\">Rosa Eug\u00eania Diniz<\/td><td class=\"column-3\">N\u00e3o Corporativo<\/td><td class=\"column-4\">Londrina<\/td><td class=\"column-5\">Londrina<\/td><td class=\"column-6\">Londrina<\/td><td class=\"column-7\">Sagrados Cora\u00e7\u00f5es<\/td><td class=\"column-8\">CEBs<\/td>\n<\/tr>\n<tr class=\"row-9\">\n\t<td class=\"column-1\">Tesoureiro<\/td><td class=\"column-2\">Roberto Mistrorigo Barbosa<\/td><td class=\"column-3\">tesouraria@cnlbsul2.org.br<\/td><td class=\"column-4\">Ponta Grossa<\/td><td class=\"column-5\">Ponta Grossa<\/td><td class=\"column-6\">Curitiba<\/td><td class=\"column-7\">Nossa Senhora da Sa\u00fade<\/td><td class=\"column-8\">CVX Santo Andr\u00e9<\/td>\n<\/tr>\n<tr class=\"row-10\">\n\t<td class=\"column-1\">Tesoureiro Adjunto<\/td><td class=\"column-2\">Luiz Laertes de Freitas<\/td><td class=\"column-3\">N\u00e3o Corporativo<\/td><td class=\"column-4\">Ponta Grossa<\/td><td class=\"column-5\">Ponta Grossa<\/td><td class=\"column-6\">Curitiba<\/td><td class=\"column-7\">Bom Jesus<\/td><td class=\"column-8\">Ordem Franciscana Secular<\/td>\n<\/tr>\n<\/tbody>\n<\/table>\n<!-- #tablepress-1 from cache -->","protected":false},"excerpt":{"rendered":"<p>A PRESID\u00caNCIA \u00e9 composta por 9 nove membros, sendo eles o Presidente, os 4 quatro Vice-Presidentes (1 por Prov\u00edncia), o Secret\u00e1rio Geral, o Secret\u00e1rio-Adjunto, o Tesoureiro Geral e por fim [&hellip;]<\/p>\n","protected":false},"author":1,"featured_media":0,"parent":0,"menu_order":0,"comment_status":"closed","ping_status":"closed","template":"","meta":{"pagelayer_contact_templates":[],"_pagelayer_content":"","_EventAllDay":false,"_EventTimezone":"","_EventStartDate":"","_EventEndDate":"","_EventStartDateUTC":"","_EventEndDateUTC":"","_EventShowMap":false,"_EventShowMapLink":false,"_EventURL":"","_EventCost":"","_EventCostDescription":"","_EventCurrencySymbol":"","_EventCurrencyCode":"","_EventCurrencyPosition":"","_EventDateTimeSeparator":"","_EventTimeRangeSeparator":"","_EventOrganizerID":[],"_EventVenueID":[],"_OrganizerEmail":"","_OrganizerPhone":"","_OrganizerWebsite":"","_VenueAddress":"","_VenueCity":"","_VenueCountry":"","_VenueProvince":"","_VenueState":"","_VenueZip":"","_VenuePhone":"","_VenueURL":"","_VenueStateProvince":"","_VenueLat":"","_VenueLng":"","_VenueShowMap":false,"_VenueShowMapLink":false,"footnotes":""},"class_list":["post-82","page","type-page","status-publish","hentry"],"_links":{"self":[{"href":"https:\/\/cnlbsul2.org.br\/site\/wp-json\/wp\/v2\/pages\/82","targetHints":{"allow":["GET"]}}],"collection":[{"href":"https:\/\/cnlbsul2.org.br\/site\/wp-json\/wp\/v2\/pages"}],"about":[{"href":"https:\/\/cnlbsul2.org.br\/site\/wp-json\/wp\/v2\/types\/page"}],"author":[{"embeddable":true,"href":"https:\/\/cnlbsul2.org.br\/site\/wp-json\/wp\/v2\/users\/1"}],"replies":[{"embeddable":true,"href":"https:\/\/cnlbsul2.org.br\/site\/wp-json\/wp\/v2\/comments?post=82"}],"version-history":[{"count":12,"href":"https:\/\/cnlbsul2.org.br\/site\/wp-json\/wp\/v2\/pages\/82\/revisions"}],"predecessor-version":[{"id":436,"href":"https:\/\/cnlbsul2.org.br\/site\/wp-json\/wp\/v2\/pages\/82\/revisions\/436"}],"wp:attachment":[{"href":"https:\/\/cnlbsul2.org.br\/site\/wp-json\/wp\/v2\/media?parent=82"}],"curies":[{"name":"wp","href":"https:\/\/api.w.org\/{rel}","templated":true}]}}